{"id":323,"date":"2021-06-09T12:22:39","date_gmt":"2021-06-09T10:22:39","guid":{"rendered":"https:\/\/dev.gartenpflege-immergruen.de\/?page_id=323"},"modified":"2021-06-25T15:28:02","modified_gmt":"2021-06-25T13:28:02","slug":"datenschutz","status":"publish","type":"page","link":"https:\/\/gartenpflege-immergruen.de\/index.php\/datenschutz\/","title":{"rendered":"Datenschutz"},"content":{"rendered":"\t\t<div data-elementor-type=\"wp-page\" data-elementor-id=\"323\" class=\"elementor elementor-323\" data-elementor-settings=\"{&quot;ha_cmc_init_switcher&quot;:&quot;no&quot;}\">\n\t\t\t\t\t\t<section class=\"elementor-section elementor-top-section elementor-element elementor-element-227fc124 elementor-section-boxed elementor-section-height-default elementor-section-height-default\" data-id=\"227fc124\" data-element_type=\"section\" data-e-type=\"section\" data-settings=\"{&quot;_ha_eqh_enable&quot;:false}\">\n\t\t\t\t\t\t<div class=\"elementor-container elementor-column-gap-default\">\n\t\t\t\t\t<div class=\"elementor-column elementor-col-50 elementor-top-column elementor-element elementor-element-45e5f5e2\" data-id=\"45e5f5e2\" data-element_type=\"column\" data-e-type=\"column\">\n\t\t\t<div class=\"elementor-widget-wrap elementor-element-populated\">\n\t\t\t\t\t\t<div class=\"elementor-element elementor-element-493d5181 elementor-widget elementor-widget-image\" data-id=\"493d5181\" data-element_type=\"widget\" data-e-type=\"widget\" data-widget_type=\"image.default\">\n\t\t\t\t<div class=\"elementor-widget-container\">\n\t\t\t\t\t\t\t\t\t\t\t\t\t\t\t\t<a href=\"http:\/\/immergruen02.ca-marketing.com\/\">\n\t\t\t\t\t\t\t<img fetchpriority=\"high\" decoding=\"async\" width=\"1318\" height=\"397\" src=\"https:\/\/gartenpflege-immergruen.de\/wp-content\/uploads\/2021\/06\/immergruen-logo.png\" class=\"attachment-full size-full wp-image-11\" alt=\"\" srcset=\"https:\/\/gartenpflege-immergruen.de\/wp-content\/uploads\/2021\/06\/immergruen-logo.png 1318w, https:\/\/gartenpflege-immergruen.de\/wp-content\/uploads\/2021\/06\/immergruen-logo-300x90.png 300w, https:\/\/gartenpflege-immergruen.de\/wp-content\/uploads\/2021\/06\/immergruen-logo-1024x308.png 1024w, https:\/\/gartenpflege-immergruen.de\/wp-content\/uploads\/2021\/06\/immergruen-logo-768x231.png 768w\" sizes=\"(max-width: 1318px) 100vw, 1318px\" \/>\t\t\t\t\t\t\t\t<\/a>\n\t\t\t\t\t\t\t\t\t\t\t\t\t\t\t<\/div>\n\t\t\t\t<\/div>\n\t\t\t\t\t<\/div>\n\t\t<\/div>\n\t\t\t\t<div class=\"elementor-column elementor-col-50 elementor-top-column elementor-element elementor-element-6f031472\" data-id=\"6f031472\" data-element_type=\"column\" data-e-type=\"column\">\n\t\t\t<div class=\"elementor-widget-wrap elementor-element-populated\">\n\t\t\t\t\t\t<section class=\"elementor-section elementor-inner-section elementor-element elementor-element-420e922b elementor-hidden-phone elementor-section-boxed elementor-section-height-default elementor-section-height-default\" data-id=\"420e922b\" data-element_type=\"section\" data-e-type=\"section\" data-settings=\"{&quot;_ha_eqh_enable&quot;:false}\">\n\t\t\t\t\t\t<div class=\"elementor-container elementor-column-gap-default\">\n\t\t\t\t\t<div class=\"elementor-column elementor-col-33 elementor-inner-column elementor-element elementor-element-7aaf3d16\" data-id=\"7aaf3d16\" data-element_type=\"column\" data-e-type=\"column\">\n\t\t\t<div class=\"elementor-widget-wrap\">\n\t\t\t\t\t\t\t<\/div>\n\t\t<\/div>\n\t\t\t\t<div class=\"elementor-column elementor-col-33 elementor-inner-column elementor-element elementor-element-61d247f7\" data-id=\"61d247f7\" data-element_type=\"column\" data-e-type=\"column\">\n\t\t\t<div class=\"elementor-widget-wrap elementor-element-populated\">\n\t\t\t\t\t\t<div class=\"elementor-element elementor-element-4ea8acb2 elementor-position-inline-start elementor-view-default elementor-mobile-position-block-start elementor-widget elementor-widget-icon-box\" data-id=\"4ea8acb2\" data-element_type=\"widget\" data-e-type=\"widget\" data-widget_type=\"icon-box.default\">\n\t\t\t\t<div class=\"elementor-widget-container\">\n\t\t\t\t\t\t\t<div class=\"elementor-icon-box-wrapper\">\n\n\t\t\t\t\t\t<div class=\"elementor-icon-box-icon\">\n\t\t\t\t<span  class=\"elementor-icon\">\n\t\t\t\t<i aria-hidden=\"true\" class=\"fas fa-phone-alt\"><\/i>\t\t\t\t<\/span>\n\t\t\t<\/div>\n\t\t\t\n\t\t\t\t\t\t<div class=\"elementor-icon-box-content\">\n\n\t\t\t\t\n\t\t\t\t\t\t\t\t\t<p class=\"elementor-icon-box-description\">\n\t\t\t\t\t\t01577 - 2859490\t\t\t\t\t<\/p>\n\t\t\t\t\n\t\t\t<\/div>\n\t\t\t\n\t\t<\/div>\n\t\t\t\t\t\t<\/div>\n\t\t\t\t<\/div>\n\t\t\t\t\t<\/div>\n\t\t<\/div>\n\t\t\t\t<div class=\"elementor-column elementor-col-33 elementor-inner-column elementor-element elementor-element-43067d5b\" data-id=\"43067d5b\" data-element_type=\"column\" data-e-type=\"column\">\n\t\t\t<div class=\"elementor-widget-wrap elementor-element-populated\">\n\t\t\t\t\t\t<div class=\"elementor-element elementor-element-7a7fcc04 elementor-position-inline-start elementor-view-default elementor-mobile-position-block-start elementor-widget elementor-widget-icon-box\" data-id=\"7a7fcc04\" data-element_type=\"widget\" data-e-type=\"widget\" data-widget_type=\"icon-box.default\">\n\t\t\t\t<div class=\"elementor-widget-container\">\n\t\t\t\t\t\t\t<div class=\"elementor-icon-box-wrapper\">\n\n\t\t\t\t\t\t<div class=\"elementor-icon-box-icon\">\n\t\t\t\t<span  class=\"elementor-icon\">\n\t\t\t\t<i aria-hidden=\"true\" class=\"fas fa-envelope\"><\/i>\t\t\t\t<\/span>\n\t\t\t<\/div>\n\t\t\t\n\t\t\t\t\t\t<div class=\"elementor-icon-box-content\">\n\n\t\t\t\t\n\t\t\t\t\t\t\t\t\t<p class=\"elementor-icon-box-description\">\n\t\t\t\t\t\tms@gartenpflege-immergruen.de\t\t\t\t\t<\/p>\n\t\t\t\t\n\t\t\t<\/div>\n\t\t\t\n\t\t<\/div>\n\t\t\t\t\t\t<\/div>\n\t\t\t\t<\/div>\n\t\t\t\t\t<\/div>\n\t\t<\/div>\n\t\t\t\t\t<\/div>\n\t\t<\/section>\n\t\t\t\t<section class=\"elementor-section elementor-inner-section elementor-element elementor-element-27c5b1ab elementor-section-boxed elementor-section-height-default elementor-section-height-default\" data-id=\"27c5b1ab\" data-element_type=\"section\" data-e-type=\"section\" data-settings=\"{&quot;_ha_eqh_enable&quot;:false}\">\n\t\t\t\t\t\t<div class=\"elementor-container elementor-column-gap-default\">\n\t\t\t\t\t<div class=\"elementor-column elementor-col-50 elementor-inner-column elementor-element elementor-element-6453213a\" data-id=\"6453213a\" data-element_type=\"column\" data-e-type=\"column\">\n\t\t\t<div class=\"elementor-widget-wrap\">\n\t\t\t\t\t\t\t<\/div>\n\t\t<\/div>\n\t\t\t\t<div class=\"elementor-column elementor-col-50 elementor-inner-column elementor-element elementor-element-6bee57d2\" data-id=\"6bee57d2\" data-element_type=\"column\" data-e-type=\"column\">\n\t\t\t<div class=\"elementor-widget-wrap elementor-element-populated\">\n\t\t\t\t\t\t<div class=\"elementor-element elementor-element-5bbfe717 elementor-widget elementor-widget-wp-widget-maxmegamenu\" data-id=\"5bbfe717\" data-element_type=\"widget\" data-e-type=\"widget\" data-widget_type=\"wp-widget-maxmegamenu.default\">\n\t\t\t\t<div class=\"elementor-widget-container\">\n\t\t\t\t\t<div id=\"mega-menu-wrap-primary-menu\" class=\"mega-menu-wrap\"><div class=\"mega-menu-toggle\"><div class=\"mega-toggle-blocks-left\"><\/div><div class=\"mega-toggle-blocks-center\"><\/div><div class=\"mega-toggle-blocks-right\"><div class='mega-toggle-block mega-menu-toggle-animated-block mega-toggle-block-0' id='mega-toggle-block-0'><button aria-controls=\"mega-menu-primary-menu\" aria-expanded=\"false\" aria-haspopup=\"true\" aria-label=\"Toggle Menu\" class=\"mega-toggle-animated mega-toggle-animated-slider\" type=\"button\">\n                  <span class=\"mega-toggle-animated-box\">\n                    <span class=\"mega-toggle-animated-inner\"><\/span>\n                  <\/span>\n                <\/button><\/div><\/div><\/div><ul id=\"mega-menu-primary-menu\" class=\"mega-menu max-mega-menu mega-menu-horizontal mega-no-js\" data-event=\"hover_intent\" data-effect=\"fade_up\" data-effect-speed=\"200\" data-effect-mobile=\"disabled\" data-effect-speed-mobile=\"0\" data-mobile-force-width=\"false\" data-second-click=\"go\" data-document-click=\"collapse\" data-vertical-behaviour=\"standard\" data-breakpoint=\"768\" data-unbind=\"true\" data-mobile-state=\"collapse_all\" data-mobile-direction=\"vertical\"><li class=\"mega-menu-item mega-menu-item-type-custom mega-menu-item-object-custom mega-menu-item-has-children mega-align-bottom-left mega-menu-flyout mega-menu-item-559\" id=\"mega-menu-item-559\"><a class=\"mega-menu-link\" href=\"#\" aria-expanded=\"false\" aria-controls=\"mega-sub-menu-559\">Dienstleistungen<span class=\"mega-indicator\" aria-hidden=\"true\"><\/span><\/a>\n<ul class=\"mega-sub-menu\" id='mega-sub-menu-559'>\n<li class=\"mega-menu-item mega-menu-item-type-post_type mega-menu-item-object-page mega-menu-item-560\" id=\"mega-menu-item-560\"><a class=\"mega-menu-link\" href=\"https:\/\/gartenpflege-immergruen.de\/index.php\/baumfaellungen\/\">Baumf\u00e4llungen<\/a><\/li><li class=\"mega-menu-item mega-menu-item-type-post_type mega-menu-item-object-page mega-menu-item-561\" id=\"mega-menu-item-561\"><a class=\"mega-menu-link\" href=\"https:\/\/gartenpflege-immergruen.de\/index.php\/baumgesundheit\/\">Baumgesundheit<\/a><\/li><li class=\"mega-menu-item mega-menu-item-type-post_type mega-menu-item-object-page mega-menu-item-562\" id=\"mega-menu-item-562\"><a class=\"mega-menu-link\" href=\"https:\/\/gartenpflege-immergruen.de\/index.php\/baumkontrolle\/\">Baumkontrolle<\/a><\/li><li class=\"mega-menu-item mega-menu-item-type-post_type mega-menu-item-object-page mega-menu-item-563\" id=\"mega-menu-item-563\"><a class=\"mega-menu-link\" href=\"https:\/\/gartenpflege-immergruen.de\/index.php\/baumpflege\/\">Baumpflege<\/a><\/li><li class=\"mega-menu-item mega-menu-item-type-post_type mega-menu-item-object-page mega-menu-item-564\" id=\"mega-menu-item-564\"><a class=\"mega-menu-link\" href=\"https:\/\/gartenpflege-immergruen.de\/index.php\/forstliche-dienstleistungen\/\">Forstliche Dienstleistungen<\/a><\/li><li class=\"mega-menu-item mega-menu-item-type-post_type mega-menu-item-object-page mega-menu-item-565\" id=\"mega-menu-item-565\"><a class=\"mega-menu-link\" href=\"https:\/\/gartenpflege-immergruen.de\/index.php\/gartenpflege\/\">Gartenpflege<\/a><\/li><li class=\"mega-menu-item mega-menu-item-type-post_type mega-menu-item-object-page mega-menu-item-566\" id=\"mega-menu-item-566\"><a class=\"mega-menu-link\" href=\"https:\/\/gartenpflege-immergruen.de\/index.php\/gruenanlagenpflege\/\">Gr\u00fcnanlagenpflege<\/a><\/li><li class=\"mega-menu-item mega-menu-item-type-post_type mega-menu-item-object-page mega-menu-item-567\" id=\"mega-menu-item-567\"><a class=\"mega-menu-link\" href=\"https:\/\/gartenpflege-immergruen.de\/index.php\/haeckselarbeiten\/\">H\u00e4ckselarbeiten<\/a><\/li><li class=\"mega-menu-item mega-menu-item-type-post_type mega-menu-item-object-page mega-menu-item-569\" id=\"mega-menu-item-569\"><a class=\"mega-menu-link\" href=\"https:\/\/gartenpflege-immergruen.de\/index.php\/komplettpflege-gestaltungsarbeiten\/\">Komplettpflege &#038; Gestaltungsarbeiten<\/a><\/li><li class=\"mega-menu-item mega-menu-item-type-post_type mega-menu-item-object-page mega-menu-item-570\" id=\"mega-menu-item-570\"><a class=\"mega-menu-link\" href=\"https:\/\/gartenpflege-immergruen.de\/index.php\/risikofaellung\/\">Risikof\u00e4llung<\/a><\/li><li class=\"mega-menu-item mega-menu-item-type-post_type mega-menu-item-object-page mega-menu-item-571\" id=\"mega-menu-item-571\"><a class=\"mega-menu-link\" href=\"https:\/\/gartenpflege-immergruen.de\/index.php\/sturmschaedenbeseitigung\/\">Sturmsch\u00e4denbeseitigung<\/a><\/li><li class=\"mega-menu-item mega-menu-item-type-post_type mega-menu-item-object-page mega-menu-item-568\" id=\"mega-menu-item-568\"><a class=\"mega-menu-link\" href=\"https:\/\/gartenpflege-immergruen.de\/index.php\/hecke-gehoelzschnitt\/\">Hecke &#038; Geh\u00f6lzschnitt<\/a><\/li><\/ul>\n<\/li><li class=\"mega-menu-item mega-menu-item-type-post_type mega-menu-item-object-page mega-align-bottom-left mega-menu-flyout mega-menu-item-573\" id=\"mega-menu-item-573\"><a class=\"mega-menu-link\" href=\"https:\/\/gartenpflege-immergruen.de\/index.php\/referenzen\/\">Referenzen<\/a><\/li><li class=\"mega-menu-item mega-menu-item-type-post_type mega-menu-item-object-page mega-align-bottom-left mega-menu-flyout mega-menu-item-572\" id=\"mega-menu-item-572\"><a class=\"mega-menu-link\" href=\"https:\/\/gartenpflege-immergruen.de\/index.php\/gartenkalender\/\">Gartenkalender<\/a><\/li><li class=\"mega-menu-item mega-menu-item-type-post_type mega-menu-item-object-page mega-align-bottom-left mega-menu-flyout mega-menu-item-574\" id=\"mega-menu-item-574\"><a class=\"mega-menu-link\" href=\"https:\/\/gartenpflege-immergruen.de\/index.php\/kontakt\/\">Kontakt<\/a><\/li><\/ul><\/div>\t\t\t\t<\/div>\n\t\t\t\t<\/div>\n\t\t\t\t\t<\/div>\n\t\t<\/div>\n\t\t\t\t\t<\/div>\n\t\t<\/section>\n\t\t\t\t\t<\/div>\n\t\t<\/div>\n\t\t\t\t\t<\/div>\n\t\t<\/section>\n\t\t\t\t<section class=\"elementor-section elementor-top-section elementor-element elementor-element-7b730d1 elementor-section-boxed elementor-section-height-default elementor-section-height-default\" data-id=\"7b730d1\" data-element_type=\"section\" data-e-type=\"section\" data-settings=\"{&quot;_ha_eqh_enable&quot;:false}\">\n\t\t\t\t\t\t<div class=\"elementor-container elementor-column-gap-default\">\n\t\t\t\t\t<div class=\"elementor-column elementor-col-100 elementor-top-column elementor-element elementor-element-49645dee\" data-id=\"49645dee\" data-element_type=\"column\" data-e-type=\"column\">\n\t\t\t<div class=\"elementor-widget-wrap elementor-element-populated\">\n\t\t\t\t\t\t<div class=\"elementor-element elementor-element-72370b20 elementor-widget elementor-widget-spacer\" data-id=\"72370b20\" data-element_type=\"widget\" data-e-type=\"widget\" data-widget_type=\"spacer.default\">\n\t\t\t\t<div class=\"elementor-widget-container\">\n\t\t\t\t\t\t\t<div class=\"elementor-spacer\">\n\t\t\t<div class=\"elementor-spacer-inner\"><\/div>\n\t\t<\/div>\n\t\t\t\t\t\t<\/div>\n\t\t\t\t<\/div>\n\t\t\t\t\t<\/div>\n\t\t<\/div>\n\t\t\t\t\t<\/div>\n\t\t<\/section>\n\t\t\t\t<section class=\"elementor-section elementor-top-section elementor-element elementor-element-264ba869 elementor-section-boxed elementor-section-height-default elementor-section-height-default\" data-id=\"264ba869\" data-element_type=\"section\" data-e-type=\"section\" data-settings=\"{&quot;_ha_eqh_enable&quot;:false}\">\n\t\t\t\t\t\t<div class=\"elementor-container elementor-column-gap-default\">\n\t\t\t\t\t<div class=\"elementor-column elementor-col-100 elementor-top-column elementor-element elementor-element-75af5943\" data-id=\"75af5943\" data-element_type=\"column\" data-e-type=\"column\">\n\t\t\t<div class=\"elementor-widget-wrap elementor-element-populated\">\n\t\t\t\t\t\t<div class=\"elementor-element elementor-element-29a7d05c elementor-widget elementor-widget-heading\" data-id=\"29a7d05c\" data-element_type=\"widget\" data-e-type=\"widget\" data-widget_type=\"heading.default\">\n\t\t\t\t<div class=\"elementor-widget-container\">\n\t\t\t\t\t<h1 class=\"elementor-heading-title elementor-size-default\">Datenschutzerkl\u00e4rung<\/h1>\t\t\t\t<\/div>\n\t\t\t\t<\/div>\n\t\t\t\t\t<\/div>\n\t\t<\/div>\n\t\t\t\t\t<\/div>\n\t\t<\/section>\n\t\t\t\t<section class=\"elementor-section elementor-top-section elementor-element elementor-element-541c8bba elementor-section-boxed elementor-section-height-default elementor-section-height-default\" data-id=\"541c8bba\" data-element_type=\"section\" data-e-type=\"section\" data-settings=\"{&quot;_ha_eqh_enable&quot;:false}\">\n\t\t\t\t\t\t<div class=\"elementor-container elementor-column-gap-default\">\n\t\t\t\t\t<div class=\"elementor-column elementor-col-100 elementor-top-column elementor-element elementor-element-688ce4c9\" data-id=\"688ce4c9\" data-element_type=\"column\" data-e-type=\"column\">\n\t\t\t<div class=\"elementor-widget-wrap elementor-element-populated\">\n\t\t\t\t\t\t<div class=\"elementor-element elementor-element-37809889 elementor-widget elementor-widget-text-editor\" data-id=\"37809889\" data-element_type=\"widget\" data-e-type=\"widget\" data-widget_type=\"text-editor.default\">\n\t\t\t\t<div class=\"elementor-widget-container\">\n\t\t\t\t\t\t\t\t\t<p>Datenschutz hat f\u00fcr uns einen hohen Stellenwert. Bei jedem Besuch dieser Websitewerden automatisch Informationen allgemeiner Natur erfasst, die wir in unseren Server-Logfiles speichern. Diese beinhalten etwa die Art des Webbrowsers, das verwendete Betriebssystem, den Domainnamen Ihres Internet Service Providers und \u00c4hnliches. Diese Informationen bieten uns keine R\u00fcckschl\u00fcsse auf Ihre Person. Diese Informationen sind technisch notwendig, um von Ihnen angeforderte Inhalte von Webseiten korrekt auszuliefern und fallen bei Nutzung des Internets zwingend an. Anonyme Informationen dieser Art werden von uns statistisch ausgewertet, um unseren Internetauftritt und die dahinterstehende Technik zu optimieren und Ihnen ein weiterhin gutes Angebot liefern zu k\u00f6nnen.<\/p><p>Die Verarbeitung personenbezogener Daten, beispielsweise des Namens, der Anschrift, E-Mail-Adresse oder Telefonnummer einer betroffenen Person, erfolgt stets im Einklang mit der Datenschutz-Grundverordnung und in \u00dcbereinstimmung mit den f\u00fcr\u00a0<strong>Gartenpflege Immergr\u00fcn<\/strong>\u00a0geltenden landesspezifischen Datenschutzbestimmungen. Mittels dieser Datenschutzerkl\u00e4rung m\u00f6chte unser Unternehmen die \u00d6ffentlichkeit \u00fcber Art, Umfang und Zweck der von uns erhobenen, genutzten und verarbeiteten personenbezogenen Daten informieren. Ferner werden betroffene Personen mittels dieser Datenschutzerkl\u00e4rung \u00fcber die ihnen zustehenden Rechte aufgekl\u00e4rt.<\/p><p>Um die Sicherheit Ihrer Daten bei der \u00dcbertragung zu sch\u00fctzen, verwenden wir ein dem aktuellen Stand der Technik entsprechendes Verschl\u00fcsselungsverfahren (SSL) \u00fcber HTTPS. Sie k\u00f6nnen unsere Seite auch ohne HTTPS besuchen. Wir empfehlen Ihnen aber jederzeit die Verwendung der SSL Verschl\u00fcsselung.<\/p><p><strong>Gartenpflege Immergr\u00fcn<\/strong>\u00a0hat als f\u00fcr die Verarbeitung Verantwortlicher zahlreiche technische und organisatorische Ma\u00dfnahmen umgesetzt, um einen m\u00f6glichst l\u00fcckenlosen Schutz der \u00fcber diese Internetseite verarbeiteten personenbezogenen Daten sicherzustellen. Dennoch k\u00f6nnen internetbasierte Daten\u00fcbertragungen grunds\u00e4tzlich Sicherheitsl\u00fccken aufweisen, sodass ein absoluter Schutz nicht gew\u00e4hrleistet werden kann. Aus diesem Grund steht es jeder betroffenen Person frei, personenbezogene Daten auch auf alternativen Wegen, beispielsweise telefonisch, an uns zu \u00fcbermitteln.<\/p><h3>1. Begriffsbestimmungen<\/h3><p>Die Datenschutzerkl\u00e4rung von\u00a0<strong>Gartenpflege Immergr\u00fcn<\/strong>\u00a0beruht auf den Begrifflichkeiten, die durch den europ\u00e4ischen Richtlinien- und Verordnungsgeber beim Erlass der Datenschutz-Grundverordnung (DSGVO) verwendet wurden. Unsere Datenschutzerkl\u00e4rung soll sowohl f\u00fcr die \u00d6ffentlichkeit als auch f\u00fcr unsere Kunden und Gesch\u00e4ftspartner einfach lesbar und verst\u00e4ndlich sein. Um dies zu gew\u00e4hrleisten, m\u00f6chten wir vorab die verwendeten Begrifflichkeiten erl\u00e4utern.<\/p><p>Wir verwenden in dieser Datenschutzerkl\u00e4rung unter anderem die folgenden Begriffe:<\/p><p><strong>a) personenbezogene Daten<\/strong><br \/>Personenbezogene Daten sind alle Informationen, die sich auf eine identifizierte oder identifizierbare nat\u00fcrliche Person (im Folgenden \u201ebetroffene Person\u201c) beziehen. Als identifizierbar wird eine nat\u00fcrliche Person angesehen, die direkt oder indirekt, insbesondere mittels Zuordnung zu einer Kennung wie einem Namen, zu einer Kennnummer, zu Standortdaten, zu einer Online-Kennung oder zu einem oder mehreren besonderen Merkmalen, die Ausdruck der physischen, physiologischen, genetischen, psychischen, wirtschaftlichen, kulturellen oder sozialen Identit\u00e4t dieser nat\u00fcrlichen Person sind, identifiziert werden kann.<\/p><p><strong>b) betroffene Person<\/strong><br \/>Betroffene Person ist jede identifizierte oder identifizierbare nat\u00fcrliche Person, deren personenbezogene Daten von dem f\u00fcr die Verarbeitung Verantwortlichen verarbeitet werden.<\/p><p><strong>c) Verarbeitung<\/strong><br \/>Verarbeitung ist jeder mit oder ohne Hilfe automatisierter Verfahren ausgef\u00fchrte Vorgang oder jede solche Vorgangsreihe im Zusammenhang mit personenbezogenen Daten wie das Erheben, das Erfassen, die Organisation, das Ordnen, die Speicherung, die Anpassung oder Ver\u00e4nderung, das Auslesen, das Abfragen, die Verwendung, die Offenlegung durch \u00dcbermittlung, Verbreitung oder eine andere Form der Bereitstellung, den Abgleich oder die Verkn\u00fcpfung, die Einschr\u00e4nkung, das L\u00f6schen oder die Vernichtung.<\/p><p><strong>d) Einschr\u00e4nkung der Verarbeitung<\/strong><br \/>Einschr\u00e4nkung der Verarbeitung ist die Markierung gespeicherter personenbezogener Daten mit dem Ziel, ihre k\u00fcnftige Verarbeitung einzuschr\u00e4nken.<\/p><p><strong>e) Profiling<\/strong><br \/>Profiling ist jede Art der automatisierten Verarbeitung personenbezogener Daten, die darin besteht, dass diese personenbezogenen Daten verwendet werden, um bestimmte pers\u00f6nliche Aspekte, die sich auf eine nat\u00fcrliche Person beziehen, zu bewerten, insbesondere, um Aspekte bez\u00fcglich Arbeitsleistung, wirtschaftlicher Lage, Gesundheit, pers\u00f6nlicher Vorlieben, Interessen, Zuverl\u00e4ssigkeit, Verhalten, Aufenthaltsort oder Ortswechsel dieser nat\u00fcrlichen Person zu analysieren oder vorherzusagen.<\/p><p><strong>f) Pseudonymisierung<\/strong><br \/>Pseudonymisierung ist die Verarbeitung personenbezogener Daten in einer Weise, auf welche die personenbezogenen Daten ohne Hinzuziehung zus\u00e4tzlicher Informationen nicht mehr einer spezifischen betroffenen Person zugeordnet werden k\u00f6nnen, sofern diese zus\u00e4tzlichen Informationen gesondert aufbewahrt werden und technischen und organisatorischen Ma\u00dfnahmen unterliegen, die gew\u00e4hrleisten, dass die personenbezogenen Daten nicht einer identifizierten oder identifizierbaren nat\u00fcrlichen Person zugewiesen werden.<\/p><p><strong>g) Verantwortlicher oder f\u00fcr die Verarbeitung Verantwortlicher<\/strong><br \/>Verantwortlicher oder f\u00fcr die Verarbeitung Verantwortlicher ist die nat\u00fcrliche oder juristische Person, Beh\u00f6rde, Einrichtung oder andere Stelle, die allein oder gemeinsam mit anderen \u00fcber die Zwecke und Mittel der Verarbeitung von personenbezogenen Daten entscheidet. Sind die Zwecke und Mittel dieser Verarbeitung durch das Unionsrecht oder das Recht der Mitgliedstaaten vorgegeben, so kann der Verantwortliche beziehungsweise k\u00f6nnen die bestimmten Kriterien seiner Benennung nach dem Unionsrecht oder dem Recht der Mitgliedstaaten vorgesehen werden.<\/p><p><strong>h) Auftragsverarbeiter<\/strong><br \/>Auftragsverarbeiter ist eine nat\u00fcrliche oder juristische Person, Beh\u00f6rde, Einrichtung oder andere Stelle, die personenbezogene Daten im Auftrag des Verantwortlichen verarbeitet.<\/p><p><strong>i) Empf\u00e4nger<\/strong><br \/>Empf\u00e4nger ist eine nat\u00fcrliche oder juristische Person, Beh\u00f6rde, Einrichtung oder andere Stelle, der personenbezogene Daten offengelegt werden, unabh\u00e4ngig davon, ob es sich bei ihr um einen Dritten handelt oder nicht. Beh\u00f6rden, die im Rahmen eines bestimmten Untersuchungsauftrags nach dem Unionsrecht oder dem Recht der Mitgliedstaaten m\u00f6glicherweise personenbezogene Daten erhalten, gelten jedoch nicht als Empf\u00e4nger.<\/p><p><strong>j) Dritter<\/strong><br \/>Dritter ist eine nat\u00fcrliche oder juristische Person, Beh\u00f6rde, Einrichtung oder andere Stelle au\u00dfer der betroffenen Person, dem Verantwortlichen, dem Auftragsverarbeiter und den Personen, die unter der unmittelbaren Verantwortung des Verantwortlichen oder des Auftragsverarbeiters befugt sind, die personenbezogenen Daten zu verarbeiten.<\/p><p><strong>k) Einwilligung<\/strong><br \/>Einwilligung ist jede von der betroffenen Person freiwillig f\u00fcr den bestimmten Fall in informierter Weise und unmissverst\u00e4ndlich abgegebene Willensbekundung in Form einer Erkl\u00e4rung oder einer sonstigen eindeutigen best\u00e4tigenden Handlung, mit der die betroffene Person zu verstehen<\/p><h3>2. Name und Anschrift des f\u00fcr die Verarbeitung Verantwortlichen<\/h3><p>Verantwortlicher im Sinne der Datenschutz-Grundverordnung, sonstiger in den Mitgliedstaaten der Europ\u00e4ischen Union geltenden Datenschutzgesetze und anderer Bestimmungen mit datenschutzrechtlichem Charakter ist die:<\/p><p><strong>Gartenpflege Immergr\u00fcn<\/strong><br \/>Marcel Schandua<br \/>Unterdorfstra\u00dfe 6<br \/>65623 Netzbach<\/p><h3>3. Erfassung von allgemeinen Daten und Informationen<\/h3><p>Die Internetseite von\u00a0<strong>Gartenpflege Immergr\u00fcn<\/strong>\u00a0erfasst mit jedem Aufruf der Internetseite durch eine betroffene Person oder ein automatisiertes System eine Reihe von allgemeinen Daten und Informationen. Diese allgemeinen Daten und Informationen werden in den Logfiles des Servers gespeichert.<\/p><p>Erfasst werden k\u00f6nnen die<br \/>(1) verwendeten Browsertypen und Versionen,<br \/>(2) das vom zugreifenden System verwendete Betriebssystem,<\/p><p>(3) die Internetseite, von welcher ein zugreifendes System auf unsere Internetseite gelangt (sogenannte Referrer),<br \/>(4) die Unterwebseiten, welche \u00fcber ein zugreifendes System auf unserer Internetseite angesteuert werden,<br \/>(5) das Datum und die Uhrzeit eines Zugriffs auf die Internetseite,<br \/>(6) eine Internet-Protokoll-Adresse (IP-Adresse),<br \/>(7) der Internet-Service-Provider des zugreifenden Systems und<br \/>(8) sonstige \u00e4hnliche Daten und Informationen, die der Gefahrenabwehr im Falle von Angriffen auf unsere informationstechnologischen Systeme dienen.<\/p><p>Bei der Nutzung dieser allgemeinen Daten und Informationen zieht\u00a0<strong>Gartenpflege Immergr\u00fcn<\/strong>\u00a0keine R\u00fcckschl\u00fcsse auf die betroffene Person. Diese Informationen werden vielmehr ben\u00f6tigt, um<br \/>(1) die Inhalte unserer Internetseite korrekt auszuliefern,<br \/>(2) die Inhalte unserer Internetseite sowie die Werbung f\u00fcr diese zu optimieren,<br \/>(3) die dauerhafte Funktionsf\u00e4higkeit unserer informationstechnologischen Systeme und der Technik unserer Internetseite zu gew\u00e4hrleisten sowie<br \/>(4) um Strafverfolgungsbeh\u00f6rden im Falle eines Cyberangriffes die zur Strafverfolgung notwendigen Informationen bereitzustellen.<\/p><p>(a) Wir verwenden auf unsere Seite Cookies, kleine Textdateien, die von unserem Webseitenserver auf Ihre Festplatte \u00fcbertragen werden. Hierdurch erhalten wir automatisch bestimmte Daten wie z. B. IP-Adresse, verwendeter Browser, Betriebssystem \u00fcber Ihren Computer und Ihre Verbindung zum Internet.<\/p><p>Wichtig f\u00fcr Sie &#8211; Cookies k\u00f6nnen nicht verwendet werden, um Programme zu starten oder Viren auf einen Computer zu \u00fcbertragen. Anhand der in Cookies enthaltenen Informationen k\u00f6nnen wir Ihnen die Navigation erleichtern und die korrekte Anzeige unserer Webseiten erm\u00f6glichen. Sie sind in bestimmten Situationen sogar technisch notwendig.<\/p><p>In keinem Fall werden die von uns erfassten Cookie-Daten an Dritte weitergegeben oder ohne Ihre Einwilligung eine Verkn\u00fcpfung mit personenbezogenen Daten hergestellt.<\/p><p>Unsere Webseite k\u00f6nnen Sie auch ohne die Verwendung von Cookies besuchen. Ihren Internet-Browser sollten Sie so einstellen k\u00f6nnen, dass sie Cookies akzeptieren. Sie k\u00f6nnen die Verwendung von Cookies jederzeit \u00fcber die Einstellungen Ihres Browsers deaktivieren. Pr\u00fcfen Sie jedoch vor der Verwendung der Cookies-Sperre die m\u00f6glichen Auswirkungen. Nutzen Sie hierzu die Hilfefunktionen Ihres Internetbrowsers, um zu erfahren, wie Sie diese Einstellungen \u00e4ndern k\u00f6nnen. Bitte beachten Sie, dass einzelne Funktionen technisch notwendig sind und unserer Website m\u00f6glicherweise nicht funktionieren, wenn Sie die Verwendung von Cookies deaktiviert haben.<\/p><p>(b) Diese Webseite benutzt Google Analytics, einen Webanalysedienst der Google Inc. (folgend: Google). Google Analytics verwendet sog. \u201eCookies\u201c, also Textdateien, die auf Ihrem Computer gespeichert werden und die eine Analyse der Benutzung der Webseite durch Sie erm\u00f6glichen. Die durch das Cookie erzeugten Informationen \u00fcber Ihre Benutzung dieser Webseite werden in der Regel an einen Server von Google in den USA \u00fcbertragen und dort gespeichert. Aufgrund der Aktivierung der IP-Anonymisierung auf diesen Webseiten, wird Ihre IP-Adresse von Google jedoch innerhalb von Mitgliedstaaten der Europ\u00e4ischen Union oder in anderen Vertragsstaaten des Abkommens \u00fcber den Europ\u00e4ischen Wirtschaftsraum zuvor gek\u00fcrzt. Nur in Ausnahmef\u00e4llen wird die volle IP-Adresse an einen Server von Google in den USA \u00fcbertragen und dort gek\u00fcrzt. Im Auftrag des Betreibers dieser Webseite wird Google diese Informationen benutzen, um Ihre Nutzung der Webseite auszuwerten, um Reports \u00fcber die Webseitenaktivit\u00e4ten zusammenzustellen und um weitere mit der Webseitennutzung und der Internetnutzung verbundene Dienstleistungen gegen\u00fcber dem Webseitenbetreiber zu erbringen. Die im Rahmen von Google Analytics von Ihrem Browser \u00fcbermittelte IP-Adresse wird nicht mit anderen Daten von Google zusammengef\u00fchrt.<\/p><p>Sie k\u00f6nnen die Speicherung der Cookies durch eine Einstellung Ihrer Browser-Software verhindern; wir weisen Sie jedoch darauf hin, dass Sie in diesem Fall gegebenenfalls nicht s\u00e4mtliche Funktionen unserer Webseite vollumf\u00e4nglich nutzen k\u00f6nnen. Sie k\u00f6nnen die Erfassung der durch die Cookies erzeugten und auf Ihre Nutzung der Webseite bezogenen Daten) an Google sowie die Verarbeitung dieser Daten durch Google verhindern, indem sie das unter dem folgenden Link verf\u00fcgbare Browser-Plugin herunterladen und installieren:\u00a0<a href=\"http:\/\/tools.google.com\/dlpage\/gaoptout?hl=de\">Browser-Add-on zur Deaktivierung von Google Analytics<\/a>.<\/p><p>Zus\u00e4tzlich zum Browser-Add-On k\u00f6nnen Sie das Tracking durch Google Analytics auf unseren Seiten unterbinden, indem Sie\u00a0<a href=\"https:\/\/www.activemind.de\/datenschutz\/datenschutzhinweis-generator\/ergebnis\/\">diesen Link anklicken<\/a>. Dabei wird ein Opt-Out-Cookie auf Ihrem Ger\u00e4t installiert. Damit wird die Erfassung durch Google Analytics f\u00fcr diese Website und f\u00fcr diesen Browser zuk\u00fcnftig verhindert, so lange das Cookie in Ihrem Browser installiert bleibt.<\/p><p>Diese anonym erhobenen Daten und Informationen werden durch\u00a0<strong>Gartenpflege Immergr\u00fcn<\/strong>\u00a0daher einerseits statistisch und ferner mit dem Ziel ausgewertet, den Datenschutz und die Datensicherheit in unserem Unternehmen zu erh\u00f6hen, um letztlich ein optimales Schutzniveau f\u00fcr die von uns verarbeiteten personenbezogenen Daten sicherzustellen. Die anonymen Daten der Server-Logfiles werden getrennt von allen durch eine betroffene Person angegebenen personenbezogenen Daten gespeichert.<\/p><h3>4. Kontaktm\u00f6glichkeit \u00fcber die Internetseite<\/h3><p>Wir haben f\u00fcr Sie auf unsere Seite ein Kontaktformular hinterlegt. Treten Sie per E-Mail oder Kontaktformular mit uns in Kontakt, werden die von Ihnen gemachten Angaben zum Zwecke der Bearbeitung der Anfrage sowie f\u00fcr m\u00f6gliche Anschlussfragen gespeichert. Diese Speicherung erfolgt nach den gesetzlichen Vorgaben.<\/p><h3>5. Routinem\u00e4\u00dfige L\u00f6schung und Sperrung von personenbezogenen Daten<\/h3><p>Die gesetzlichen Vorgaben schreiben eine Datenvermeidung und Datensparsamkeit vor. Wir halten uns an diese Grunds\u00e4tze der Datenvermeidung und Datensparsamkeit. Wir speichern Ihre personenbezogenen Daten daher nur so lange, wie dies zur Erreichung der hier genannten Zwecke erforderlich ist oder wie es die vom Gesetzgeber vorgesehenen Speicherfristen vorsehen, die vielf\u00e4ltige Fristen vorsehen. Nach Fortfall des jeweiligen Zweckes bzw. Ablauf dieser Fristen werden die entsprechenden Daten routinem\u00e4\u00dfig und entsprechend den gesetzlichen Vorschriften gesperrt oder gel\u00f6scht. Weitere Informationen k\u00f6nnen Sie\u00a0<a href=\"https:\/\/dsgvo-gesetz.de\/\" target=\"_blank\" rel=\"noopener\">hier der aktuellen Fassung der DSGVO<\/a>\u00a0entnehmen.<\/p><h3>6. Rechte der betroffenen Person<\/h3><p><strong>a) Recht auf Best\u00e4tigung<\/strong><br \/>Jede betroffene Person hat das vom Europ\u00e4ischen Richtlinien- und Verordnungsgeber einger\u00e4umte Recht, von dem f\u00fcr die Verarbeitung Verantwortlichen eine Best\u00e4tigung dar\u00fcber zu verlangen, ob sie betreffende personenbezogene Daten verarbeitet werden. M\u00f6chte eine betroffene Person dieses Best\u00e4tigungsrecht in Anspruch nehmen, kann sie sich hierzu jederzeit an einen Mitarbeiter des f\u00fcr die Verarbeitung Verantwortlichen wenden.<\/p><p><strong>b) Recht auf Auskunft<\/strong><br \/>Jede von der Verarbeitung personenbezogener Daten betroffene Person hat das vom Europ\u00e4ischen Richtlinien- und Verordnungsgeber gew\u00e4hrte Recht, jederzeit von dem f\u00fcr die Verarbeitung Verantwortlichen unentgeltliche Auskunft \u00fcber die zu seiner Person gespeicherten personenbezogenen Daten und eine Kopie dieser Auskunft zu erhalten. Ferner hat der Europ\u00e4ische Richtlinien- und Verordnungsgeber der betroffenen Person Auskunft \u00fcber folgende Informationen zugestanden:<\/p><p>&#8211; die Verarbeitungszwecke<br \/>&#8211; die Kategorien personenbezogener Daten, die verarbeitet werden<br \/>&#8211; die Empf\u00e4nger oder Kategorien von Empf\u00e4ngern, gegen\u00fcber denen die personenbezogenen Daten offengelegt worden sind oder noch offengelegt werden, insbesondere bei Empf\u00e4ngern in Drittl\u00e4ndern oder bei internationalen Organisationen<br \/>&#8211; falls m\u00f6glich die geplante Dauer, f\u00fcr die die personenbezogenen Daten gespeichert werden, oder, falls dies nicht m\u00f6glich ist, die Kriterien f\u00fcr die Festlegung dieser Dauer<br \/>&#8211; das Bestehen eines Rechts auf Berichtigung oder L\u00f6schung der sie betreffenden personenbezogenen Daten oder auf Einschr\u00e4nkung der Verarbeitung durch den Verantwortlichen oder eines Widerspruchsrechts gegen diese Verarbeitung<br \/>&#8211; das Bestehen eines Beschwerderechts bei einer Aufsichtsbeh\u00f6rde<br \/>&#8211; wenn die personenbezogenen Daten nicht bei der betroffenen Person erhoben werden: Alle verf\u00fcgbaren Informationen \u00fcber die Herkunft der Daten<br \/>&#8211; das Bestehen einer automatisierten Entscheidungsfindung einschlie\u00dflich Profiling gem\u00e4\u00df Artikel 22 Abs.1 und 4 DSGVO und \u2014 zumindest in diesen F\u00e4llen \u2014 aussagekr\u00e4ftige Informationen \u00fcber die involvierte Logik sowie die Tragweite und die angestrebten Auswirkungen einer derartigen Verarbeitung f\u00fcr die betroffene Person<\/p><p>Ferner steht der betroffenen Person ein Auskunftsrecht dar\u00fcber zu, ob personenbezogene Daten an ein Drittland oder an eine internationale Organisation \u00fcbermittelt wurden. Sofern dies der Fall ist, so steht der betroffenen Person im \u00dcbrigen das Recht zu, Auskunft \u00fcber die geeigneten Garantien im Zusammenhang mit der \u00dcbermittlung zu erhalten.<\/p><p>M\u00f6chte eine betroffene Person dieses Auskunftsrecht in Anspruch nehmen, kann sie sich hierzu jederzeit an einen Mitarbeiter des f\u00fcr die Verarbeitung Verantwortlichen wenden.<\/p><p><strong>c) Recht auf Berichtigung<\/strong><\/p><p>Jede von der Verarbeitung personenbezogener Daten betroffene Person hat das vom Europ\u00e4ischen Richtlinien- und Verordnungsgeber gew\u00e4hrte Recht, die unverz\u00fcgliche Berichtigung sie betreffender unrichtiger personenbezogener Daten zu verlangen. Ferner steht der betroffenen Person das Recht zu, unter Ber\u00fccksichtigung der Zwecke der Verarbeitung, die Vervollst\u00e4ndigung unvollst\u00e4ndiger personenbezogener Daten \u2014 auch mittels einer erg\u00e4nzenden Erkl\u00e4rung \u2014 zu verlangen.<\/p><p>M\u00f6chte eine betroffene Person dieses Berichtigungsrecht in Anspruch nehmen, kann sie sich hierzu jederzeit an einen Mitarbeiter des f\u00fcr die Verarbeitung Verantwortlichen wenden.<\/p><p><strong>d) Recht auf L\u00f6schung (Recht auf Vergessen werden)<\/strong><\/p><p>Jede von der Verarbeitung personenbezogener Daten betroffene Person hat das vom Europ\u00e4ischen Richtlinien- und Verordnungsgeber gew\u00e4hrte Recht, von dem Verantwortlichen zu verlangen, dass die sie betreffenden personenbezogenen Daten unverz\u00fcglich gel\u00f6scht werden, sofern einer der folgenden Gr\u00fcnde zutrifft und soweit die Verarbeitung nicht erforderlich ist:<br \/>&#8211; Die personenbezogenen Daten wurden f\u00fcr solche Zwecke erhoben oder auf sonstige Weise verarbeitet, f\u00fcr welche sie nicht mehr notwendig sind.<br \/>&#8211; Die betroffene Person widerruft ihre Einwilligung, auf die sich die Verarbeitung gem\u00e4\u00df Art. 6 Abs. 1 Buchstabe a DSGVO oder Art. 9 Abs. 2 Buchstabe a DSGVO st\u00fctzte, und es fehlt an einer anderweitigen Rechtsgrundlage f\u00fcr die Verarbeitung.<br \/>&#8211; Die betroffene Person legt gem\u00e4\u00df Art. 21 Abs. 1 DSGVO Widerspruch gegen die Verarbeitung ein, und es liegen keine vorrangigen berechtigten Gr\u00fcnde f\u00fcr die Verarbeitung vor, oder die betroffene Person legt gem\u00e4\u00df Art. 21 Abs. 2 DSGVO Widerspruch gegen die Verarbeitung ein.<br \/>&#8211; Die personenbezogenen Daten wurden unrechtm\u00e4\u00dfig verarbeitet.<br \/>&#8211; Die L\u00f6schung der personenbezogenen Daten ist zur Erf\u00fcllung einer rechtlichen Verpflichtung nach dem Unionsrecht oder dem Recht der Mitgliedstaaten erforderlich, dem der Verantwortliche unterliegt.<br \/>&#8211; Die personenbezogenen Daten wurden in Bezug auf angebotene Dienste der Informationsgesellschaft gem\u00e4\u00df Art. 8 Abs. 1 DSGVO erhoben.<\/p><p>Sofern einer der oben genannten Gr\u00fcnde zutrifft und eine betroffene Person die L\u00f6schung von personenbezogenen Daten, die bei\u00a0<strong>Gartenpflege Immergr\u00fcn<\/strong>\u00a0gespeichert sind, veranlassen m\u00f6chte, kann sie sich hierzu jederzeit an einen Mitarbeiter des f\u00fcr die Verarbeitung Verantwortlichen wenden. Der Mitarbeiter von\u00a0<strong>Gartenpflege Immergr\u00fcn<\/strong>\u00a0wird veranlassen, dass dem L\u00f6schverlangen unverz\u00fcglich nachgekommen wird.<\/p><p>Wurden die personenbezogenen Daten von\u00a0<strong>Gartenpflege Immergr\u00fcn<\/strong>\u00a0\u00f6ffentlich gemacht und ist unser Unternehmen als Verantwortlicher gem\u00e4\u00df Art. 17 Abs. 1 DSGVO zur L\u00f6schung der personenbezogenen Daten verpflichtet, so trifft\u00a0<strong>Gartenpflege Immergr\u00fcn<\/strong>\u00a0unter Ber\u00fccksichtigung der verf\u00fcgbaren Technologie und der Implementierungskosten angemessene Ma\u00dfnahmen, auch technischer Art, um andere f\u00fcr die Datenverarbeitung Verantwortliche, welche die ver\u00f6ffentlichten personenbezogenen Daten verarbeiten, dar\u00fcber in Kenntnis zu setzen, dass die betroffene Person von diesen anderen f\u00fcr die Datenverarbeitung Verantwortlichen die L\u00f6schung s\u00e4mtlicher Links zu diesen personenbezogenen Daten oder von Kopien oder Replikationen dieser personenbezogenen Daten verlangt hat, soweit die Verarbeitung nicht erforderlich ist. Der Mitarbeiter von\u00a0<strong>Gartenpflege Immergr\u00fcn<\/strong>\u00a0wird im Einzelfall das Notwendige veranlassen.<\/p><p><strong>e) Recht auf Einschr\u00e4nkung der Verarbeitung<\/strong><\/p><p>Jede von der Verarbeitung personenbezogener Daten betroffene Person hat das vom Europ\u00e4ischen Richtlinien- und Verordnungsgeber gew\u00e4hrte Recht, von dem Verantwortlichen die Einschr\u00e4nkung der Verarbeitung zu verlangen, wenn eine der folgenden Voraussetzungen gegeben ist<br \/>&#8211; Die Richtigkeit der personenbezogenen Daten wird von der betroffenen Person bestritten, und zwar f\u00fcr eine Dauer, die es dem Verantwortlichen erm\u00f6glicht, die Richtigkeit der personenbezogenen Daten zu \u00fcberpr\u00fcfen.<br \/>&#8211; Die Verarbeitung ist unrechtm\u00e4\u00dfig, die betroffene Person lehnt die L\u00f6schung der personenbezogenen Daten ab und verlangt stattdessen die Einschr\u00e4nkung der Nutzung der personenbezogenen Daten.<br \/>&#8211; Der Verantwortliche ben\u00f6tigt die personenbezogenen Daten f\u00fcr die Zwecke der Verarbeitung nicht l\u00e4nger, die betroffene Person ben\u00f6tigt sie jedoch zur Geltendmachung, Aus\u00fcbung oder Verteidigung von Rechtsanspr\u00fcchen.<br \/>&#8211; Die betroffene Person hat Widerspruch gegen die Verarbeitung gem. Art. 21 Abs. 1 DSGVO eingelegt und es steht noch nicht fest, ob die berechtigten Gr\u00fcnde des Verantwortlichen gegen\u00fcber denen der betroffenen Person \u00fcberwiegen.<\/p><p>Sofern eine der oben genannten Voraussetzungen gegeben ist und eine betroffene Person die Einschr\u00e4nkung von personenbezogenen Daten, die bei\u00a0<strong>Gartenpflege Immergr\u00fcn<\/strong>\u00a0gespeichert sind, verlangen m\u00f6chte, kann sie sich hierzu jederzeit an einen Mitarbeiter des f\u00fcr die Verarbeitung Verantwortlichen wenden. Der Mitarbeiter von\u00a0<strong>Gartenpflege Immergr\u00fcn<\/strong>\u00a0wird die Einschr\u00e4nkung der Verarbeitung veranlassen.<\/p><p><strong>f) Recht auf Daten\u00fcbertragbarkeit<\/strong><\/p><p>Jede von der Verarbeitung personenbezogener Daten betroffene Person hat das vom Europ\u00e4ischen Richtlinien- und Verordnungsgeber gew\u00e4hrte Recht, die sie betreffenden personenbezogenen Daten, welche durch die betroffene Person einem Verantwortlichen bereitgestellt wurden, in einem strukturierten, g\u00e4ngigen und maschinenlesbaren Format zu erhalten. Sie hat au\u00dferdem das Recht, diese Daten einem anderen Verantwortlichen ohne Behinderung durch den Verantwortlichen, dem die personenbezogenen Daten bereitgestellt wurden, zu \u00fcbermitteln, sofern die Verarbeitung auf der Einwilligung gem\u00e4\u00df Art. 6 Abs. 1 Buchstabe a DSGVO oder Art. 9 Abs. 2 Buchstabe a DSGVO oder auf einem Vertrag gem\u00e4\u00df Art. 6 Abs. 1 Buchstabe b DSGVO beruht und die Verarbeitung mithilfe automatisierter Verfahren erfolgt, sofern die Verarbeitung nicht f\u00fcr die Wahrnehmung einer Aufgabe erforderlich ist, die im \u00f6ffentlichen Interesse liegt oder in Aus\u00fcbung \u00f6ffentlicher Gewalt erfolgt, welche dem Verantwortlichen \u00fcbertragen wurde.<\/p><p>Ferner hat die betroffene Person bei der Aus\u00fcbung ihres Rechts auf Daten\u00fcbertragbarkeit gem\u00e4\u00df Art. 20 Abs. 1 DSGVO das Recht, zu erwirken, dass die personenbezogenen Daten direkt von einem Verantwortlichen an einen anderen Verantwortlichen \u00fcbermittelt werden, soweit dies technisch machbar ist und sofern hiervon nicht die Rechte und Freiheiten anderer Personen beeintr\u00e4chtigt werden.<\/p><p>Zur Geltendmachung des Rechts auf Daten\u00fcbertragbarkeit kann sich die betroffene Person jederzeit an einen Mitarbeiter von\u00a0<strong>Gartenpflege Immergr\u00fcn<\/strong>\u00a0wenden.<\/p><p><strong>g) Recht auf Widerspruch<\/strong><\/p><p>Jede von der Verarbeitung personenbezogener Daten betroffene Person hat das vom Europ\u00e4ischen Richtlinien- und Verordnungsgeber gew\u00e4hrte Recht, aus Gr\u00fcnden, die sich aus ihrer besonderen Situation ergeben, jederzeit gegen die Verarbeitung sie betreffender personenbezogener Daten, die aufgrund von Art. 6 Abs. 1 Buchstaben e oder f DSGVO erfolgt, Widerspruch einzulegen. Dies gilt auch f\u00fcr ein auf diese Bestimmungen gest\u00fctztes Profiling.<\/p><p><strong>Gartenpflege Immergr\u00fcn<\/strong>\u00a0verarbeitet die personenbezogenen Daten im Falle des Widerspruchs nicht mehr, es sei denn, wir k\u00f6nnen zwingende schutzw\u00fcrdige Gr\u00fcnde f\u00fcr die Verarbeitung nachweisen, die den Interessen, Rechten und Freiheiten der betroffenen Person \u00fcberwiegen, oder die Verarbeitung dient der Geltendmachung, Aus\u00fcbung oder Verteidigung von Rechtsanspr\u00fcchen.<\/p><p>Verarbeitet\u00a0<strong>Gartenpflege Immergr\u00fcn<\/strong>\u00a0personenbezogene Daten, um Direktwerbung zu betreiben, so hat die betroffene Person das Recht, jederzeit Widerspruch gegen die Verarbeitung der personenbezogenen Daten zum Zwecke derartiger Werbung einzulegen. Dies gilt auch f\u00fcr das Profiling, soweit es mit solcher Direktwerbung in Verbindung steht. Widerspricht die betroffene Person gegen\u00fcber\u00a0<strong>Gartenpflege Immergr\u00fcn<\/strong>\u00a0der Verarbeitung f\u00fcr Zwecke der Direktwerbung, so wird\u00a0<strong>Gartenpflege Immergr\u00fcn<\/strong>\u00a0die personenbezogenen Daten nicht mehr f\u00fcr diese Zwecke verarbeiten.<\/p><p>Zudem hat die betroffene Person das Recht, aus Gr\u00fcnden, die sich aus ihrer besonderen Situation ergeben, gegen die sie betreffende Verarbeitung personenbezogener Daten, die bei\u00a0<strong>Gartenpflege Immergr\u00fcn<\/strong>\u00a0zu wissenschaftlichen oder historischen Forschungszwecken oder zu statistischen Zwecken gem\u00e4\u00df Art. 89 Abs. 1 DSGVO erfolgen, Widerspruch einzulegen, es sei denn, eine solche Verarbeitung ist zur Erf\u00fcllung einer im \u00f6ffentlichen Interesse liegenden Aufgabe erforderlich.<\/p><p>Zur Aus\u00fcbung des Rechts auf Widerspruch kann sich die betroffene Person direkt jeden Mitarbeiter von\u00a0<strong>Gartenpflege Immergr\u00fcn<\/strong>\u00a0oder einen anderen Mitarbeiter wenden. Der betroffenen Person steht es ferner frei, im Zusammenhang mit der Nutzung von Diensten der Informationsgesellschaft, ungeachtet der Richtlinie 2002\/58\/EG, ihr Widerspruchsrecht mittels automatisierter Verfahren auszu\u00fcben, bei denen technische Spezifikationen verwendet werden.<\/p><p><strong>h) Automatisierte Entscheidungen im Einzelfall einschlie\u00dflich Profiling<\/strong><\/p><p>Jede von der Verarbeitung personenbezogener Daten betroffene Person hat das vom Europ\u00e4ischen Richtlinien- und Verordnungsgeber gew\u00e4hrte Recht, nicht einer ausschlie\u00dflich auf einer automatisierten Verarbeitung \u2014 einschlie\u00dflich Profiling \u2014 beruhenden Entscheidung unterworfen zu werden, die ihr gegen\u00fcber rechtliche Wirkung entfaltet oder sie in \u00e4hnlicher Weise erheblich beeintr\u00e4chtigt, sofern die Entscheidung<br \/>(1) nicht f\u00fcr den Abschluss oder die Erf\u00fcllung eines Vertrags zwischen der betroffenen Person und dem Verantwortlichen erforderlich ist, oder<br \/>(2) aufgrund von Rechtsvorschriften der Union oder der Mitgliedstaaten, denen der Verantwortliche unterliegt, zul\u00e4ssig ist und diese Rechtsvorschriften angemessene Ma\u00dfnahmen zur Wahrung der Rechte und Freiheiten sowie der berechtigten Interessen der betroffenen Person enthalten oder<br \/>(3) mit ausdr\u00fccklicher Einwilligung der betroffenen Person erfolgt.<\/p><p>Ist die Entscheidung<br \/>(1) f\u00fcr den Abschluss oder die Erf\u00fcllung eines Vertrags zwischen der betroffenen Person und dem Verantwortlichen erforderlich oder<br \/>(2) erfolgt sie mit ausdr\u00fccklicher Einwilligung der betroffenen Person, trifft\u00a0<strong>Gartenpflege Immergr\u00fcn<\/strong>\u00a0angemessene Ma\u00dfnahmen, um die Rechte und Freiheiten sowie die berechtigten Interessen der betroffenen Person zu wahren, wozu mindestens das Recht auf Erwirkung des Eingreifens einer Person seitens des Verantwortlichen, auf Darlegung des eigenen Standpunkts und auf Anfechtung der Entscheidung geh\u00f6rt.<\/p><p>M\u00f6chte die betroffene Person Rechte mit Bezug auf automatisierte Entscheidungen geltend machen, kann sie sich hierzu jederzeit an einen Mitarbeiter des f\u00fcr die Verarbeitung Verantwortlichen wenden.<\/p><p><strong>i) Recht auf Widerruf einer datenschutzrechtlichen Einwilligung<\/strong><\/p><p>Jede von der Verarbeitung personenbezogener Daten betroffene Person hat das vom Europ\u00e4ischen Richtlinien- und Verordnungsgeber gew\u00e4hrte Recht, eine Einwilligung zur Verarbeitung personenbezogener Daten jederzeit zu widerrufen.<\/p><p>M\u00f6chte die betroffene Person ihr Recht auf Widerruf einer Einwilligung geltend machen, kann sie sich hierzu jederzeit an einen Mitarbeiter des f\u00fcr die Verarbeitung Verantwortlichen wenden.<\/p><h3>7. Rechtsgrundlage der Verarbeitung<\/h3><p>Art. 6 I lit. a DSGVO dient unserem Unternehmen als Rechtsgrundlage f\u00fcr Verarbeitungsvorg\u00e4nge, bei denen wir eine Einwilligung f\u00fcr einen bestimmten Verarbeitungszweck einholen. Ist die Verarbeitung personenbezogener Daten zur Erf\u00fcllung eines Vertrags, dessen Vertragspartei die betroffene Person ist, erforderlich, wie dies beispielsweise bei Verarbeitungsvorg\u00e4ngen der Fall ist, die f\u00fcr eine Lieferung von Waren oder die Erbringung einer sonstigen Leistung oder Gegenleistung notwendig sind, so beruht die Verarbeitung auf Art. 6 I lit. b DSGVO. Gleiches gilt f\u00fcr solche Verarbeitungsvorg\u00e4nge die zur Durchf\u00fchrung vorvertraglicher Ma\u00dfnahmen erforderlich sind, etwa in F\u00e4llen von Anfragen zur unseren Produkten oder Leistungen. Unterliegt unser Unternehmen einer rechtlichen Verpflichtung durch welche eine Verarbeitung von personenbezogenen Daten erforderlich wird, wie beispielsweise zur Erf\u00fcllung steuerlicher Pflichten, so basiert die Verarbeitung auf Art. 6 I lit. c DSGVO. In seltenen F\u00e4llen k\u00f6nnte die Verarbeitung von personenbezogenen Daten erforderlich werden, um lebenswichtige Interessen der betroffenen Person oder einer anderen nat\u00fcrlichen Person zu sch\u00fctzen. Dies w\u00e4re beispielsweise der Fall, wenn ein Besucher in unserem Betrieb verletzt werden w\u00fcrde und daraufhin sein Name, sein Alter, seine Krankenkassendaten oder sonstige lebenswichtige Informationen an einen Arzt, ein Krankenhaus oder sonstige Dritte weitergegeben werden m\u00fcssten. Dann w\u00fcrde die Verarbeitung auf Art. 6 I lit. d DSGVO beruhen. Letztlich k\u00f6nnten Verarbeitungsvorg\u00e4nge auf Art. 6 I lit. f DSGVO beruhen. Auf dieser Rechtsgrundlage basieren Verarbeitungsvorg\u00e4nge, die von keiner der vorgenannten Rechtsgrundlagen erfasst werden, wenn die Verarbeitung zur Wahrung eines berechtigten Interesses unseres Unternehmens oder eines Dritten erforderlich ist, sofern die Interessen, Grundrechte und Grundfreiheiten des Betroffenen nicht \u00fcberwiegen. Solche Verarbeitungsvorg\u00e4nge sind uns insbesondere deshalb gestattet, weil sie durch den Europ\u00e4ischen Gesetzgeber besonders erw\u00e4hnt wurden. Er vertrat insoweit die Auffassung, dass ein berechtigtes Interesse anzunehmen sein k\u00f6nnte, wenn die betroffene Person ein Kunde des Verantwortlichen ist (Erw\u00e4gungsgrund 47 Satz 2 DSGVO).<\/p><h3>8. Berechtigte Interessen an der Verarbeitung, die von dem Verantwortlichen oder einem Dritten verfolgt werden<\/h3><p>Basiert die Verarbeitung personenbezogener Daten auf Artikel 6 I lit. f DSGVO ist unser berechtigtes Interesse die Durchf\u00fchrung unserer Gesch\u00e4ftst\u00e4tigkeit zugunsten des Wohlergehens all unserer Mitarbeiter und unserer Anteilseigner.<\/p><h3>9. Dauer, f\u00fcr die die personenbezogenen Daten gespeichert werden<\/h3><p>Das Kriterium f\u00fcr die Dauer der Speicherung von personenbezogenen Daten ist die jeweilige gesetzliche Aufbewahrungsfrist. Nach Ablauf der Frist werden die entsprechenden Daten routinem\u00e4\u00dfig gel\u00f6scht, sofern sie nicht mehr zur Vertragserf\u00fcllung oder Vertragsanbahnung erforderlich sind.<\/p><h3>10. Gesetzliche oder vertragliche Vorschriften zur Bereitstellung der personenbezogenen Daten; Erforderlichkeit f\u00fcr den Vertragsabschluss; Verpflichtung der betroffenen Person, die personenbezogenen Daten bereitzustellen; m\u00f6gliche Folgen der Nichtbereitstellung<\/h3><p>Wir kl\u00e4ren Sie dar\u00fcber auf, dass die Bereitstellung personenbezogener Daten zum Teil gesetzlich vorgeschrieben ist (z.B. Steuervorschriften) oder sich auch aus vertraglichen Regelungen (z.B. Angaben zum Vertragspartner) ergeben kann. Mitunter kann es zu einem Vertragsschluss erforderlich sein, dass eine betroffene Person uns personenbezogene Daten zur Verf\u00fcgung stellt, die in der Folge durch uns verarbeitet werden m\u00fcssen. Die betroffene Person ist beispielsweise verpflichtet uns personenbezogene Daten bereitzustellen, wenn unser Unternehmen mit ihr einen Vertrag abschlie\u00dft. Eine Nichtbereitstellung der personenbezogenen Daten h\u00e4tte zur Folge, dass der Vertrag mit dem Betroffenen nicht geschlossen werden k\u00f6nnte. Vor einer Bereitstellung personenbezogener Daten durch den Betroffenen muss sich der Betroffene an einen unserer Mitarbeiter wenden. Unser Mitarbeiter kl\u00e4rt den Betroffenen einzelfallbezogen dar\u00fcber auf, ob die Bereitstellung der personenbezogenen Daten gesetzlich oder vertraglich vorgeschrieben oder f\u00fcr den Vertragsabschluss erforderlich ist, ob eine Verpflichtung besteht, die personenbezogenen Daten bereitzustellen, und welche Folgen die Nichtbereitstellung der personenbezogenen Daten h\u00e4tte.<\/p><h3>11. Bestehen einer automatisierten Entscheidungsfindung<\/h3><p>Als verantwortungsbewusstes Unternehmen verzichten wir auf eine automatische Entscheidungsfindung oder ein Profiling.<\/p><h3><strong>12. \u00c4nderung unserer Datenschutzbestimmungen<\/strong><\/h3><p>Wir behalten uns vor, diese Datenschutzerkl\u00e4rung, falls notwendig anzupassen, damit sie stets den aktuellen rechtlichen Anforderungen entspricht oder um \u00c4nderungen unserer Leistungen in der Datenschutzerkl\u00e4rung umzusetzen, z. B. bei der Einf\u00fchrung neuer Services. F\u00fcr Ihren erneuten Besuch gilt dann die neue Datenschutzerkl\u00e4rung.<\/p>\t\t\t\t\t\t\t\t<\/div>\n\t\t\t\t<\/div>\n\t\t\t\t\t<\/div>\n\t\t<\/div>\n\t\t\t\t\t<\/div>\n\t\t<\/section>\n\t\t\t\t<section class=\"elementor-section elementor-top-section elementor-element elementor-element-24b6c09d elementor-section-boxed elementor-section-height-default elementor-section-height-default\" data-id=\"24b6c09d\" data-element_type=\"section\" data-e-type=\"section\" data-settings=\"{&quot;_ha_eqh_enable&quot;:false}\">\n\t\t\t\t\t\t<div class=\"elementor-container elementor-column-gap-default\">\n\t\t\t\t\t<div class=\"elementor-column elementor-col-100 elementor-top-column elementor-element elementor-element-1304e1a2\" data-id=\"1304e1a2\" data-element_type=\"column\" data-e-type=\"column\">\n\t\t\t<div class=\"elementor-widget-wrap elementor-element-populated\">\n\t\t\t\t\t\t<div class=\"elementor-element elementor-element-5decc0df elementor-widget elementor-widget-spacer\" data-id=\"5decc0df\" data-element_type=\"widget\" data-e-type=\"widget\" data-widget_type=\"spacer.default\">\n\t\t\t\t<div class=\"elementor-widget-container\">\n\t\t\t\t\t\t\t<div class=\"elementor-spacer\">\n\t\t\t<div class=\"elementor-spacer-inner\"><\/div>\n\t\t<\/div>\n\t\t\t\t\t\t<\/div>\n\t\t\t\t<\/div>\n\t\t\t\t\t<\/div>\n\t\t<\/div>\n\t\t\t\t\t<\/div>\n\t\t<\/section>\n\t\t\t\t<section class=\"elementor-section elementor-top-section elementor-element elementor-element-49eed48b elementor-section-boxed elementor-section-height-default elementor-section-height-default\" data-id=\"49eed48b\" data-element_type=\"section\" data-e-type=\"section\" data-settings=\"{&quot;background_background&quot;:&quot;classic&quot;,&quot;_ha_eqh_enable&quot;:false}\">\n\t\t\t\t\t\t<div class=\"elementor-container elementor-column-gap-default\">\n\t\t\t\t\t<div class=\"elementor-column elementor-col-100 elementor-top-column elementor-element elementor-element-5b24603a\" data-id=\"5b24603a\" data-element_type=\"column\" data-e-type=\"column\">\n\t\t\t<div class=\"elementor-widget-wrap elementor-element-populated\">\n\t\t\t\t\t\t<section class=\"elementor-section elementor-inner-section elementor-element elementor-element-3412b8e9 elementor-section-full_width elementor-section-height-default elementor-section-height-default\" data-id=\"3412b8e9\" data-element_type=\"section\" data-e-type=\"section\" data-settings=\"{&quot;_ha_eqh_enable&quot;:false}\">\n\t\t\t\t\t\t<div class=\"elementor-container elementor-column-gap-default\">\n\t\t\t\t\t<div class=\"elementor-column elementor-col-50 elementor-inner-column elementor-element elementor-element-122a958d\" data-id=\"122a958d\" data-element_type=\"column\" data-e-type=\"column\">\n\t\t\t<div class=\"elementor-widget-wrap elementor-element-populated\">\n\t\t\t\t\t\t<div class=\"elementor-element elementor-element-53c2dd36 elementor-hidden-phone elementor-widget elementor-widget-image\" data-id=\"53c2dd36\" data-element_type=\"widget\" data-e-type=\"widget\" data-widget_type=\"image.default\">\n\t\t\t\t<div class=\"elementor-widget-container\">\n\t\t\t\t\t\t\t\t\t\t\t\t\t\t\t<img decoding=\"async\" width=\"300\" height=\"90\" src=\"https:\/\/gartenpflege-immergruen.de\/wp-content\/uploads\/2021\/06\/immergruen-logo-white-300x90.png\" class=\"attachment-medium size-medium wp-image-12\" alt=\"\" srcset=\"https:\/\/gartenpflege-immergruen.de\/wp-content\/uploads\/2021\/06\/immergruen-logo-white-300x90.png 300w, https:\/\/gartenpflege-immergruen.de\/wp-content\/uploads\/2021\/06\/immergruen-logo-white-1024x308.png 1024w, https:\/\/gartenpflege-immergruen.de\/wp-content\/uploads\/2021\/06\/immergruen-logo-white-768x231.png 768w, https:\/\/gartenpflege-immergruen.de\/wp-content\/uploads\/2021\/06\/immergruen-logo-white.png 1318w\" sizes=\"(max-width: 300px) 100vw, 300px\" \/>\t\t\t\t\t\t\t\t\t\t\t\t\t\t\t<\/div>\n\t\t\t\t<\/div>\n\t\t\t\t<div class=\"elementor-element elementor-element-6c97ba7e elementor-hidden-desktop elementor-hidden-tablet elementor-widget elementor-widget-image\" data-id=\"6c97ba7e\" data-element_type=\"widget\" data-e-type=\"widget\" data-widget_type=\"image.default\">\n\t\t\t\t<div class=\"elementor-widget-container\">\n\t\t\t\t\t\t\t\t\t\t\t\t\t\t\t<img decoding=\"async\" width=\"1318\" height=\"397\" src=\"https:\/\/gartenpflege-immergruen.de\/wp-content\/uploads\/2021\/06\/immergruen-logo-white.png\" class=\"attachment-full size-full wp-image-12\" alt=\"\" srcset=\"https:\/\/gartenpflege-immergruen.de\/wp-content\/uploads\/2021\/06\/immergruen-logo-white.png 1318w, https:\/\/gartenpflege-immergruen.de\/wp-content\/uploads\/2021\/06\/immergruen-logo-white-300x90.png 300w, https:\/\/gartenpflege-immergruen.de\/wp-content\/uploads\/2021\/06\/immergruen-logo-white-1024x308.png 1024w, https:\/\/gartenpflege-immergruen.de\/wp-content\/uploads\/2021\/06\/immergruen-logo-white-768x231.png 768w\" sizes=\"(max-width: 1318px) 100vw, 1318px\" \/>\t\t\t\t\t\t\t\t\t\t\t\t\t\t\t<\/div>\n\t\t\t\t<\/div>\n\t\t\t\t\t<\/div>\n\t\t<\/div>\n\t\t\t\t<div class=\"elementor-column elementor-col-50 elementor-inner-column elementor-element elementor-element-34ef4294\" data-id=\"34ef4294\" data-element_type=\"column\" data-e-type=\"column\">\n\t\t\t<div class=\"elementor-widget-wrap elementor-element-populated\">\n\t\t\t\t\t\t<div class=\"elementor-element elementor-element-2a3fa855 elementor-widget elementor-widget-text-editor\" data-id=\"2a3fa855\" data-element_type=\"widget\" data-e-type=\"widget\" data-widget_type=\"text-editor.default\">\n\t\t\t\t<div class=\"elementor-widget-container\">\n\t\t\t\t\t\t\t\t\t<p>Marcel Schandua | Unterdorfstra\u00dfe 6, 65623 Netzbach | Tfn.: 01577 2859490<\/p>\t\t\t\t\t\t\t\t<\/div>\n\t\t\t\t<\/div>\n\t\t\t\t<div class=\"elementor-element elementor-element-47d4cb3c elementor-widget elementor-widget-text-editor\" data-id=\"47d4cb3c\" data-element_type=\"widget\" data-e-type=\"widget\" data-widget_type=\"text-editor.default\">\n\t\t\t\t<div class=\"elementor-widget-container\">\n\t\t\t\t\t\t\t\t\t<a style=\"color: white;\" href=\"https:\/\/gartenpflege-immergruen.de\/index.php\/impressum\/\">Impressum<\/a> | <a style=\"color: white;\" href=\"https:\/\/gartenpflege-immergruen.de\/index.php\/datenschutz\/\">Datenschutz<\/a> | <a style=\"color: white;\" href=\"https:\/\/gartenpflege-immergruen.de\/index.php\/haftungsausschluss\/\">Haftungsausschluss<\/a> | <a style=\"color: white;\" href=\"https:\/\/gartenpflege-immergruen.de\/index.php\/cookie-richtlinie-eu\/\">EU-Cookie Richtlinien<\/a>\t\t\t\t\t\t\t\t<\/div>\n\t\t\t\t<\/div>\n\t\t\t\t\t<\/div>\n\t\t<\/div>\n\t\t\t\t\t<\/div>\n\t\t<\/section>\n\t\t\t\t\t<\/div>\n\t\t<\/div>\n\t\t\t\t\t<\/div>\n\t\t<\/section>\n\t\t\t\t<\/div>\n\t\t","protected":false},"excerpt":{"rendered":"<p>01577 &#8211; 2859490 ms@gartenpflege-immergruen.de Datenschutzerkl\u00e4rung Datenschutz hat f\u00fcr uns einen hohen Stellenwert. Bei jedem Besuch dieser Websitewerden automatisch Informationen allgemeiner Natur erfasst, die wir in unseren Server-Logfiles speichern. Diese beinhalten etwa die Art des Webbrowsers, das verwendete Betriebssystem, den Domainnamen Ihres Internet Service Providers und \u00c4hnliches. Diese Informationen bieten uns keine R\u00fcckschl\u00fcsse auf Ihre Person.Continue reading &rarr;<\/p>\n","protected":false},"author":2,"featured_media":0,"parent":0,"menu_order":0,"comment_status":"closed","ping_status":"closed","template":"elementor_canvas","meta":{"footnotes":""},"class_list":["post-323","page","type-page","status-publish","hentry","no-thumb"],"_links":{"self":[{"href":"https:\/\/gartenpflege-immergruen.de\/index.php\/wp-json\/wp\/v2\/pages\/323","targetHints":{"allow":["GET"]}}],"collection":[{"href":"https:\/\/gartenpflege-immergruen.de\/index.php\/wp-json\/wp\/v2\/pages"}],"about":[{"href":"https:\/\/gartenpflege-immergruen.de\/index.php\/wp-json\/wp\/v2\/types\/page"}],"author":[{"embeddable":true,"href":"https:\/\/gartenpflege-immergruen.de\/index.php\/wp-json\/wp\/v2\/users\/2"}],"replies":[{"embeddable":true,"href":"https:\/\/gartenpflege-immergruen.de\/index.php\/wp-json\/wp\/v2\/comments?post=323"}],"version-history":[{"count":10,"href":"https:\/\/gartenpflege-immergruen.de\/index.php\/wp-json\/wp\/v2\/pages\/323\/revisions"}],"predecessor-version":[{"id":607,"href":"https:\/\/gartenpflege-immergruen.de\/index.php\/wp-json\/wp\/v2\/pages\/323\/revisions\/607"}],"wp:attachment":[{"href":"https:\/\/gartenpflege-immergruen.de\/index.php\/wp-json\/wp\/v2\/media?parent=323"}],"curies":[{"name":"wp","href":"https:\/\/api.w.org\/{rel}","templated":true}]}}